{"id":33515,"date":"2020-04-01T11:11:48","date_gmt":"2020-04-01T09:11:48","guid":{"rendered":"https:\/\/www.valmorel.com\/guide-et-infos-pratiques\/navettes\/"},"modified":"2025-11-19T16:45:13","modified_gmt":"2025-11-19T15:45:13","slug":"bussen","status":"publish","type":"page","link":"https:\/\/www.valmorel.com\/nl\/gids-en-praktische-informatie\/bussen\/","title":{"rendered":"Bussen"},"content":{"rendered":"<div class=\"wpb-content-wrapper\"><p>[vc_row][vc_column][vc_column_text el_class=&#8221;titre-selection&#8221;]<\/p>\n<h1>Reis met de shuttle!<\/h1>\n<p>[\/vc_column_text][vc_column_text]<\/p>\n<h2 class=\"chapeau\">Het hele seizoen door staan er meerdere shuttlediensten tot je beschikking om je gemakkelijk te verplaatsen in Valmorel en de valleien van Aigueblanche.<\/h2>\n<p>[\/vc_column_text][\/vc_column][\/vc_row][vc_section el_class=&#8221;show-hiver&#8221;][vc_row][vc_column][vc_single_image image=&#8221;115870&#8243; img_size=&#8221;medium&#8221; alignment=&#8221;center&#8221; style=&#8221;img_valmo1&#8243; el_class=&#8221;show-hiver&#8221;][vc_btn title=&#8221;T\u00e9l\u00e9charger les horaires&#8221; style=&#8221;valmo&#8221; color=&#8221;rougeval&#8221; align=&#8221;center&#8221; css=&#8221;&#8221; link=&#8221;url:https%3A%2F%2Fwww.valmorel.com%2Fwp-content%2Fuploads%2F2025%2F11%2FPlan-A3-navettes-hiver-2025-2026.pdf|target:_blank&#8221;][vc_separator][vc_row_inner][vc_column_inner width=&#8221;1\/2&#8243;][vc_empty_space][vc_column_text css=&#8221;&#8221;]<\/p>\n<h3 style=\"text-align: left;\">Valmobus &#8211; Liaison villages &lt;&gt; station<\/h3>\n<p><strong>Van 17 december 2023 tot 14 april 2024<\/strong><\/p>\n<ul>\n<li><strong>Lijn 1<\/strong>\u00a0<strong>:<\/strong>\u00a0Aigle-Blanc \u2013 Le Mottet<\/li>\n<\/ul>\n<p><strong>Van 23 december 2023 tot 14 april 2024<\/strong><\/p>\n<ul>\n<li><strong>Lijn 2 :<\/strong>\u00a0Le Fey-dessous \u2013 Valmorel -Le Mottet<\/li>\n<li><strong>Lijn 3 :<\/strong>\u00a0Fontaine \u2013 Le Mottet<\/li>\n<\/ul>\n<p><strong>Waar is mijn bus?<\/strong><br \/>\nMet de\u00a0<a href=\"https:\/\/zenbus.net\/valmorel?route=route890136&amp;direction=0\" target=\"_blank\" rel=\"noopener\">ZENBUS<\/a>-applicatie kunt u in real time zien waar uw bus zich bevindt![\/vc_column_text][vc_btn title=&#8221;T\u00e9l\u00e9charger les horaires en PDF&#8221; style=&#8221;valmo&#8221; color=&#8221;rougeval&#8221; align=&#8221;left&#8221; css=&#8221;&#8221; link=&#8221;url:https%3A%2F%2Fwww.valmorel.com%2Fwp-content%2Fuploads%2F2025%2F11%2Fnavettes-valmobus-2025-2026.pdf|target:_blank&#8221;][\/vc_column_inner][vc_column_inner width=&#8221;1\/2&#8243;][vc_single_image image=&#8221;111933&#8243; img_size=&#8221;medium&#8221; alignment=&#8221;center&#8221; style=&#8221;img_valmo1&#8243;][\/vc_column_inner][\/vc_row_inner][vc_row_inner][vc_column_inner][vc_empty_space][vc_column_text css=&#8221;&#8221;]<\/p>\n<h3>Vall\u00e9e\u2019BUS \u2013 Verbinding Valmorel &lt;&gt; La L\u00e9ch\u00e8re &lt;&gt; Feissons-sur-Is\u00e8re<\/h3>\n<p><strong>Van 20 december 2025 tot 10 april 2026<\/strong><\/p>\n<p>De Gemeenschap van gemeenten van de Vall\u00e9es d\u2019Aigueblanche biedt een pendeldienst aan tussen Feissons-sur-Is\u00e8re, La L\u00e9ch\u00e8re-les-Bains, Aigueblanche en het resort Valmorel, en zet zich in voor mobiliteit voor iedereen!<\/p>\n<p><strong>Prijzen 2025-2026<\/strong><\/p>\n<ul>\n<li>Enkeltje: \u20ac 2 (\u20ac 1 indien online gekocht)<\/li>\n<li>Weekabonnement: \u20ac 10 (\u20ac 5 indien online gekocht)<\/li>\n<li>Seizoensabonnement: \u20ac30 online<\/li>\n<\/ul>\n<p><em>Gratis dienst tussen Fey Dessous en Valmorel<\/em>[\/vc_column_text][\/vc_column_inner][\/vc_row_inner][vc_row_inner][vc_column_inner][vc_single_image image=&#8221;116226&#8243; img_size=&#8221;medium&#8221;][vc_single_image image=&#8221;115108&#8243; img_size=&#8221;large&#8221; el_class=&#8221;hide&#8221;][vc_column_text css=&#8221;&#8221;]<a href=\"https:\/\/www.google.com\/maps\/d\/u\/0\/edit?mid=14MsVnHI1LxZlUHq4kliwC6LpP2az5Aia&amp;usp=sharing\" target=\"_blank\" rel=\"noopener\"><strong>&gt; <\/strong><\/a><strong><a href=\"https:\/\/www.google.com\/maps\/d\/u\/0\/edit?mid=14MsVnHI1LxZlUHq4kliwC6LpP2az5Aia&amp;ll=45.509027436560714%2C6.473937150000002&amp;z=12\" target=\"_blank\" rel=\"noopener\">Bekijk de haltes op de kaart<\/a><\/strong>[\/vc_column_text][\/vc_column_inner][\/vc_row_inner][vc_row_inner][vc_column_inner width=&#8221;1\/4&#8243;][vc_btn title=&#8221;Download de dienstregeling in pdf&#8221; style=&#8221;valmo&#8221; color=&#8221;rougeval&#8221; align=&#8221;left&#8221; css=&#8221;&#8221; link=&#8221;url:https%3A%2F%2Fwww.valmorel.com%2Fwp-content%2Fuploads%2F2025%2F09%2FNavette-ValleeBus-25-26-portrait-A3.pdf|target:_blank&#8221;][\/vc_column_inner][vc_column_inner width=&#8221;1\/4&#8243;][\/vc_column_inner][vc_column_inner width=&#8221;1\/4&#8243;][\/vc_column_inner][vc_column_inner width=&#8221;1\/4&#8243;][\/vc_column_inner][\/vc_row_inner][vc_separator][vc_row_inner el_class=&#8221;show-hiver&#8221;][vc_column_inner width=&#8221;2\/3&#8243;][vc_empty_space][vc_column_text css=&#8221;&#8221;]<\/p>\n<h3>Doucy \u2013 Valmorel<\/h3>\n<p><strong>Excursie-shuttle \u2013 elke woensdag vanuit Doucy<\/strong><br \/>\n<strong>Van 20 december 2025 tot 10 april 2026\u00a0<\/strong>[\/vc_column_text][\/vc_column_inner][vc_column_inner width=&#8221;1\/3&#8243;][\/vc_column_inner][\/vc_row_inner][vc_row_inner el_class=&#8221;show-hiver&#8221;][vc_column_inner][vc_single_image image=&#8221;115175&#8243; img_size=&#8221;medium&#8221;][\/vc_column_inner][\/vc_row_inner][vc_btn title=&#8221;T\u00e9l\u00e9charger les horaires&#8221; style=&#8221;valmo&#8221; color=&#8221;rougeval&#8221; align=&#8221;left&#8221; css=&#8221;&#8221; link=&#8221;url:https%3A%2F%2Fwww.valmorel.com%2Fwp-content%2Fuploads%2F2025%2F10%2FAffiche-navette-Doucy-25-26-v4.pdf|title:T%C3%A9l%C3%A9charger%20les%20horaires|target:_blank&#8221;][vc_row_inner][vc_column_inner][vc_separator][vc_column_text css=&#8221;&#8221;]<\/p>\n<h3 style=\"text-align: left;\">La L\u00e9ch\u00e8re &lt;&gt; Grand N\u00e2ves &lt;&gt; Le Tovet<\/h3>\n<p>Er is een nieuwe lijn gratis shuttles opgezet tussen\u00a0<strong>Village 92 (La L\u00e9ch\u00e8re)<\/strong>\u00a0en het\u00a0<strong>Maison de la Montagne (N\u00e2ves) in het weekend en tijdens de schoolvakanties.\u00a0<\/strong>Een verbinding vanuit Valmorel is alleen mogelijk tijdens de schoolvakanties.[\/vc_column_text][vc_btn title=&#8221;T\u00e9l\u00e9charger les horaires&#8221; style=&#8221;valmo&#8221; color=&#8221;rougeval&#8221; align=&#8221;left&#8221; css=&#8221;&#8221; link=&#8221;url:https%3A%2F%2Fwww.valmorel.com%2Fwp-content%2Fuploads%2F2025%2F11%2Fnaves-site.png|title:T%C3%A9l%C3%A9charger%20les%20horaires|target:_blank&#8221;][vc_empty_space height=&#8221;10&#8243;][\/vc_column_inner][\/vc_row_inner][vc_separator][vc_row_inner el_class=&#8221;show-hiver&#8221;][vc_column_inner][vc_empty_space][vc_column_text css=&#8221;&#8221;]<\/p>\n<h3 style=\"text-align: left;\">Liaison depuis Mo\u00fbtiers<\/h3>\n<section class=\"vc_section show-hiver\">\n<div class=\"vc_row wpb_row vc_row-fluid\">\n<div class=\"wpb_column vc_column_container vc_col-sm-12\">\n<div class=\"vc_column-inner\">\n<div class=\"wpb_wrapper\">\n<div class=\"vc_row wpb_row vc_inner vc_row-fluid\">\n<div class=\"wpb_column vc_column_container vc_col-sm-12\">\n<div class=\"vc_column-inner\">\n<div class=\"wpb_wrapper\">\n<div class=\"wpb_text_column wpb_content_element\">\n<div class=\"wpb_wrapper\">\n<div class=\"vc_row wpb_row vc_inner vc_row-fluid show-hiver\">\n<div class=\"wpb_column vc_column_container vc_col-sm-6\">\n<div class=\"vc_column-inner\">\n<div class=\"wpb_wrapper\">\n<div class=\"wpb_text_column wpb_content_element \">\n<div class=\"wpb_wrapper\">\n<p><strong>Shuttles die vertrekken vanaf de bus- en SNCF-stations van Mo\u00fbtiers verbinden zich met het station op de aankomst- en vertrektijden (betaalde dienst).<\/strong><br \/>\n<a href=\"https:\/\/www.valmorel.com\/wp-content\/uploads\/2025\/11\/Horaires-ligne-S62.pdf\">&gt; Dienstregeling Mo\u00fbtiers \u2013 Valmorel (2025-2026)<\/a><br \/>\n<a href=\"http:\/\/Shuttles die vertrekken vanaf de bus- en SNCF-stations van Mo\u00fbtiers verbinden zich met het station op de aankomst- en vertrektijden (betaalde dienst). &gt; Dienstregeling Mo\u00fbtiers \u2013 Valmorel (2023-2024) &gt; Dienstregeling Mo\u00fbtiers \u2013 Doucy (2023-2024)\">&gt; Dienstregeling Mo\u00fbtiers \u2013 Doucy (2025-2026)<\/a><\/p>\n<\/div>\n<\/div>\n<\/div>\n<\/div>\n<\/div>\n<div class=\"wpb_column vc_column_container vc_col-sm-6\">\n<div class=\"vc_column-inner\">\n<div class=\"wpb_wrapper\"><\/div>\n<\/div>\n<\/div>\n<\/div>\n<div class=\"vc_separator wpb_content_element vc_separator_align_center vc_sep_width_100 vc_sep_pos_align_center vc_separator_no_text vc_sep_color_grey\"><\/div>\n<\/div>\n<\/div>\n<div class=\"vc_btn3-container vc_btn3-inline vc_do_btn\"><\/div>\n<\/div>\n<\/div>\n<\/div>\n<\/div>\n<\/div>\n<\/div>\n<\/div>\n<\/div>\n<\/section>\n<div class=\"vc_row wpb_row vc_row-fluid\">\n<div class=\"wpb_column vc_column_container vc_col-sm-12\">\n<div class=\"vc_column-inner\">\n<div class=\"wpb_wrapper\">\n<div class=\"wpb_text_column wpb_content_element\">\n<div class=\"wpb_wrapper\"><\/div>\n<\/div>\n<\/div>\n<\/div>\n<\/div>\n<\/div>\n<p>[\/vc_column_text][vc_btn title=&#8221;Ik boek mijn busreis&#8221; style=&#8221;valmo&#8221; color=&#8221;rougeval&#8221; css=&#8221;&#8221; link=&#8221;url:https%3A%2F%2Fwww.altibus.com%2F|&#8221;][\/vc_column_inner][\/vc_row_inner][vc_separator][\/vc_column][\/vc_row][\/vc_section][vc_section el_class=&#8221;show-ete&#8221;][vc_row][vc_column][vc_column_text]<\/p>\n<p class=\"\" style=\"text-align: center;\" data-start=\"142\" data-end=\"404\">Het hele seizoen door staan er meerdere shuttlediensten tot je beschikking om je gemakkelijk te verplaatsen in Valmorel en de valleien van Aigueblanche.<br data-start=\"294\" data-end=\"297\" \/>In de zomer zijn er <strong data-start=\"317\" data-end=\"341\">drie gratis shuttles<\/strong> beschikbaar voor een vlot, ecologisch en verantwoord verblijf!<\/p>\n<p class=\"\" style=\"text-align: center;\" data-start=\"406\" data-end=\"597\">De <strong data-start=\"409\" data-end=\"430\">Valmobus-shuttles<\/strong> verbinden het skistation Valmorel met de omliggende dorpen. De <strong data-start=\"494\" data-end=\"509\">MTB-shuttle<\/strong> maakt het eenvoudig om terug omhoog te gaan naar Valmorel of N\u00e2ves vanuit Aigueblanche.<\/p>\n<p class=\"\" style=\"text-align: center;\" data-start=\"599\" data-end=\"671\">De shuttles zijn <strong data-start=\"616\" data-end=\"670\">toegankelijk voor personen met beperkte mobiliteit<\/strong>.<\/p>\n<p>[\/vc_column_text][vc_empty_space][vc_row_inner][vc_column_inner width=&#8221;1\/2&#8243;][vc_column_text]<\/p>\n<h3 class=\"\" data-start=\"678\" data-end=\"730\">\ud83d\ude8c <strong data-start=\"685\" data-end=\"728\">Valmobus \u2013 Verbinding dorpen &lt;&gt; station<\/strong><\/h3>\n<p class=\"\" data-start=\"731\" data-end=\"776\">\ud83d\udcc5 <strong data-start=\"734\" data-end=\"776\">Van june 28 tot 31 august 2025<\/strong><\/p>\n<ul data-start=\"778\" data-end=\"940\">\n<li class=\"\" data-start=\"778\" data-end=\"852\">\n<p class=\"\" data-start=\"780\" data-end=\"852\"><strong data-start=\"780\" data-end=\"790\">Lijn 1<\/strong>: Aigle Blanc \u2013 Club Med<\/p>\n<\/li>\n<li class=\"\" data-start=\"853\" data-end=\"940\">\n<p class=\"\" data-start=\"855\" data-end=\"940\"><strong data-start=\"855\" data-end=\"865\">Lijn 2<\/strong>: Le Fey-dessous \u2013 Le Mottet \u2013 Club Med<\/p>\n<\/li>\n<\/ul>\n<p class=\"\" data-start=\"942\" data-end=\"1122\">\u26a0\ufe0f <strong data-start=\"945\" data-end=\"955\">Let op<\/strong>: de Valmobus-shuttles zijn <strong data-start=\"983\" data-end=\"1015\">uitsluitend voor voetgangers<\/strong>.<br data-start=\"1016\" data-end=\"1019\" \/>\ud83d\udc36 <strong data-start=\"1022\" data-end=\"1060\">Honden aan de lijn zijn toegestaan<\/strong>. Honden van categorie 1 moeten verplicht een muilkorf dragen.<\/p>\n<p>[\/vc_column_text][vc_btn title=&#8221;Download timetable&#8221; style=&#8221;valmo&#8221; color=&#8221;rougeval&#8221; link=&#8221;url:https%3A%2F%2Fwww.valmorel.com%2Fwp-content%2Fuploads%2F2025%2F05%2FHoraires-navettes-ete-2025-Ligne-1-2.pdf&#8221;][\/vc_column_inner][vc_column_inner width=&#8221;1\/2&#8243;][vc_single_image image=&#8221;101623&#8243; img_size=&#8221;medium&#8221; alignment=&#8221;center&#8221; style=&#8221;img_valmo1&#8243;][\/vc_column_inner][\/vc_row_inner][\/vc_column][\/vc_row][vc_row][vc_column][vc_separator][vc_empty_space][vc_row_inner][vc_column_inner][vc_column_text]<\/p>\n<h3 class=\"\" data-start=\"1129\" data-end=\"1200\">\ud83d\ude8c <strong data-start=\"1136\" data-end=\"1198\">Vall\u00e9e\u2019BUS \u2013 Verbinding Notre-Dame-de-Brian\u00e7on &lt;&gt; Valmorel<\/strong><\/h3>\n<p class=\"\" data-start=\"1201\" data-end=\"1256\">\ud83d\udcc5 <strong data-start=\"1204\" data-end=\"1256\">Dagelijks van 05 july 2024 tot 31 august 2025<\/strong><\/p>\n<p class=\"\" data-start=\"1258\" data-end=\"1493\">De <strong data-start=\"1261\" data-end=\"1323\">Gemeenschap van Gemeenten van de Valleien van Aigueblanche<\/strong> biedt een shuttledienst aan tussen Notre-Dame-de-Brian\u00e7on, La L\u00e9ch\u00e8re-les-Bains, Aigueblanche en het station Valmorel \u2013 en zet zich in voor <strong data-start=\"1464\" data-end=\"1492\">mobiliteit voor iedereen<\/strong>!<\/p>\n<p>[\/vc_column_text][vc_column_text]<\/p>\n<h4 class=\"\" data-start=\"1495\" data-end=\"1533\">\u2744\ufe0f <strong data-start=\"1503\" data-end=\"1531\">Summer 2025<\/strong> :<\/h4>\n<ul data-start=\"1534\" data-end=\"1817\">\n<li class=\"\" data-start=\"1534\" data-end=\"1576\">\n<p class=\"\" data-start=\"1536\" data-end=\"1576\"><strong data-start=\"1536\" data-end=\"1546\">Dagpas<\/strong>: \u20ac2 (\u20ac1 bij online aankoop)<\/p>\n<\/li>\n<li class=\"\" data-start=\"1577\" data-end=\"1603\">\n<p class=\"\" data-start=\"1579\" data-end=\"1603\"><strong data-start=\"1579\" data-end=\"1590\">Weekpas<\/strong>: \u20ac5 online<\/p>\n<\/li>\n<li class=\"\" data-start=\"1604\" data-end=\"1635\">\n<p class=\"\" data-start=\"1606\" data-end=\"1635\"><strong data-start=\"1606\" data-end=\"1621\">Seizoenspas<\/strong>: \u20ac20 online<\/p>\n<\/li>\n<li class=\"\" data-start=\"1636\" data-end=\"1695\">\n<p class=\"\" data-start=\"1638\" data-end=\"1695\">\ud83d\ude8d <strong data-start=\"1641\" data-end=\"1693\">Gratis verbinding tussen Fey Dessous en Valmorel<\/strong><\/p>\n<\/li>\n<li class=\"\" data-start=\"1696\" data-end=\"1779\">\n<p class=\"\" data-start=\"1698\" data-end=\"1779\">\ud83d\udc36 <strong data-start=\"1701\" data-end=\"1734\">Honden aan de lijn toegestaan<\/strong>, categorie 1 honden met muilkorf verplicht<\/p>\n<\/li>\n<li class=\"\" data-start=\"1780\" data-end=\"1817\">\n<p class=\"\" data-start=\"1782\" data-end=\"1817\">\ud83d\udeb2 <strong data-start=\"1785\" data-end=\"1817\">Fietsen kunnen mee aan boord<\/strong><\/p>\n<\/li>\n<\/ul>\n<p>[\/vc_column_text][vc_single_image image=&#8221;116920&#8243; img_size=&#8221;medium&#8221;][\/vc_column_inner][\/vc_row_inner][vc_row_inner][vc_column_inner width=&#8221;1\/4&#8243;][vc_btn title=&#8221;Download timetable&#8221; style=&#8221;valmo&#8221; color=&#8221;rougeval&#8221; link=&#8221;url:https%3A%2F%2Fwww.valmorel.com%2Fwp-content%2Fuploads%2F2025%2F04%2FNavette-vallee-BUS-A5-2025.pdf|target:_blank&#8221;][\/vc_column_inner][vc_column_inner width=&#8221;1\/4&#8243;][vc_btn title=&#8221;Buy ticket&#8221; style=&#8221;valmo&#8221; color=&#8221;rougeval&#8221; link=&#8221;url:https%3A%2F%2Fboutique-valleebus.altibus.com%2F|target:_blank|&#8221;][\/vc_column_inner][vc_column_inner width=&#8221;1\/4&#8243;][\/vc_column_inner][vc_column_inner width=&#8221;1\/4&#8243;][\/vc_column_inner][\/vc_row_inner][\/vc_column][\/vc_row][vc_row][vc_column][vc_separator][vc_empty_space height=&#8221;34px&#8221;][vc_row_inner][vc_column_inner][vc_column_text]<\/p>\n<h3 style=\"text-align: center;\">\ud83d\udeb5 <strong data-start=\"1831\" data-end=\"1847\">MTB-shuttles<\/strong><\/h3>\n<p>[\/vc_column_text][vc_column_text]<\/p>\n<p class=\"\" style=\"text-align: center;\" data-start=\"1850\" data-end=\"1889\"><strong data-start=\"1853\" data-end=\"1889\">Van 28 juni tot 31 augustus 2025<\/strong><\/p>\n<p class=\"\" style=\"text-align: center;\" data-start=\"1891\" data-end=\"2020\">Tijdens het hele seizoen is er op <strong data-start=\"1925\" data-end=\"1959\">dinsdag, donderdag en zaterdag<\/strong> een MTB-shuttle beschikbaar tussen Aigueblanche en Valmorel!<\/p>\n<p class=\"\" style=\"text-align: center;\" data-start=\"2022\" data-end=\"2153\">De shuttles zijn uitgerust met <strong data-start=\"2053\" data-end=\"2080\">speciale fietsendragers<\/strong>.<br data-start=\"2081\" data-end=\"2084\" \/>Geen zorgen meer: daal af met je MTB en neem de shuttle terug omhoog!<\/p>\n<p class=\"\" style=\"text-align: center;\" data-start=\"2155\" data-end=\"2248\">\ud83d\ude8c <strong data-start=\"2158\" data-end=\"2173\">Vertrekpunt<\/strong>: bij de school van <strong data-start=\"2193\" data-end=\"2207\">Bellecombe<\/strong> \u2013 aankomst in Valmorel (wijk Cr\u00e8ve-C\u0153ur)<\/p>\n<p>[\/vc_column_text][vc_column_text el_class=&#8221;show-ete&#8221;]<\/p>\n<h3 class=\"\" data-start=\"2255\" data-end=\"2320\"><\/h3>\n<p class=\"\" style=\"text-align: center;\" data-start=\"2321\" data-end=\"2360\">\ud83d\udcc5 <strong data-start=\"2324\" data-end=\"2360\">Van 28 juni tot 31 augustus 2025<\/strong><\/p>\n<p class=\"\" style=\"text-align: center;\" data-start=\"2362\" data-end=\"2532\">Een <strong data-start=\"2366\" data-end=\"2397\">gratis speciale VTT-shuttle<\/strong> rijdt tussen Bellecombe en N\u00e2ves.<br data-start=\"2431\" data-end=\"2434\" \/>De shuttle stopt aan de <strong data-start=\"2458\" data-end=\"2504\">rotonde Village 92 in La L\u00e9ch\u00e8re-les-Bains<\/strong> en bij <strong data-start=\"2512\" data-end=\"2531\">Maison de N\u00e2ves<\/strong>.<\/p>\n<p style=\"text-align: center;\"><a href=\"https:\/\/www.valmorel.com\/bikepark-vtt-cyclos\/le-domaine-vtt\/\"><strong>&gt; Ontdek het MTB-gebied<\/strong><\/a><\/p>\n<p>[\/vc_column_text][\/vc_column_inner][\/vc_row_inner][\/vc_column][\/vc_row][vc_row][vc_column width=&#8221;1\/2&#8243;][vc_single_image image=&#8221;116789&#8243; img_size=&#8221;medium&#8221; alignment=&#8221;center&#8221;][\/vc_column][vc_column width=&#8221;1\/2&#8243;][vc_single_image image=&#8221;116782&#8243; img_size=&#8221;medium&#8221; alignment=&#8221;center&#8221;][\/vc_column][\/vc_row][vc_row][vc_column][\/vc_column][\/vc_row][\/vc_section][vc_row][vc_column][vc_column_text]<\/p>\n<h2>Voir aussi<\/h2>\n<p>[\/vc_column_text][\/vc_column][\/vc_row][vc_row][vc_column width=&#8221;1\/3&#8243;][vc_single_image image=&#8221;831&#8243; alignment=&#8221;center&#8221; style=&#8221;img_valmo1&#8243;][vc_btn title=&#8221;Acc\u00e8s&#8221; style=&#8221;valmo&#8221; color=&#8221;rougeval&#8221; align=&#8221;center&#8221; link=&#8221;url:https%3A%2F%2Fwww.valmorel.com%2Fnl%2Fgids-en-praktische-informatie%2Ftoegang%2F|title:Acc%C3%A8s|&#8221;][\/vc_column][vc_column width=&#8221;1\/3&#8243;][vc_single_image image=&#8221;33539&#8243; alignment=&#8221;center&#8221; style=&#8221;img_valmo1&#8243; onclick=&#8221;custom_link&#8221; link=&#8221;https:\/\/valmorel.com\/guide-et-infos-pratiques\/parkings-et-aires-de-chainages\/&#8221;][vc_btn title=&#8221;Parkings&#8221; style=&#8221;valmo&#8221; color=&#8221;rougeval&#8221; align=&#8221;center&#8221; link=&#8221;url:https%3A%2F%2Fvalmorel.com%2Fguide-et-infos-pratiques%2Fparkings-et-aires-de-chainages%2F|title:Parkings|&#8221;][\/vc_column][vc_column width=&#8221;1\/3&#8243;][vc_single_image image=&#8221;33535&#8243; alignment=&#8221;center&#8221; style=&#8221;img_valmo1&#8243;][vc_btn title=&#8221;Taxis et transports&#8221; style=&#8221;valmo&#8221; color=&#8221;rougeval&#8221; align=&#8221;center&#8221; link=&#8221;url:https%3A%2F%2Fwww.valmorel.com%2Fnl%2Fgids-en-praktische-informatie%2Ftaxis-et-transports%2F|title:Acc%C3%A8s|&#8221;][\/vc_column][\/vc_row]<\/p>\n<\/div>","protected":false},"excerpt":{"rendered":"<p>[vc_row][vc_column][vc_column_text el_class=&#8221;titre-selection&#8221;] Reis met de shuttle! [\/vc_column_text][vc_column_text] Het hele seizoen door staan er meerdere shuttlediensten tot je beschikking om je gemakkelijk te verplaatsen in Valmorel en de valleien van Aigueblanche. [\/vc_column_text][\/vc_column][\/vc_row][vc_section el_class=&#8221;show-hiver&#8221;][vc_row][vc_column][vc_single_image image=&#8221;115870&#8243; img_size=&#8221;medium&#8221; alignment=&#8221;center&#8221; style=&#8221;img_valmo1&#8243; el_class=&#8221;show-hiver&#8221;][vc_btn title=&#8221;T\u00e9l\u00e9charger les horaires&#8221; style=&#8221;valmo&#8221; color=&#8221;rougeval&#8221; align=&#8221;center&#8221; css=&#8221;&#8221; link=&#8221;url:https%3A%2F%2Fwww.valmorel.com%2Fwp-content%2Fuploads%2F2025%2F11%2FPlan-A3-navettes-hiver-2025-2026.pdf|target:_blank&#8221;][vc_separator][vc_row_inner][vc_column_inner width=&#8221;1\/2&#8243;][vc_empty_space][vc_column_text css=&#8221;&#8221;] Valmobus &#8211; Liaison villages &lt;&gt; station Van 17 [&hellip;]<\/p>\n","protected":false},"author":1,"featured_media":33517,"parent":33507,"menu_order":30,"comment_status":"closed","ping_status":"closed","template":"","meta":{"_acf_changed":false,"footnotes":""},"class_list":["post-33515","page","type-page","status-publish","has-post-thumbnail","hentry"],"acf":[],"_links":{"self":[{"href":"https:\/\/www.valmorel.com\/nl\/wp-json\/wp\/v2\/pages\/33515","targetHints":{"allow":["GET"]}}],"collection":[{"href":"https:\/\/www.valmorel.com\/nl\/wp-json\/wp\/v2\/pages"}],"about":[{"href":"https:\/\/www.valmorel.com\/nl\/wp-json\/wp\/v2\/types\/page"}],"author":[{"embeddable":true,"href":"https:\/\/www.valmorel.com\/nl\/wp-json\/wp\/v2\/users\/1"}],"replies":[{"embeddable":true,"href":"https:\/\/www.valmorel.com\/nl\/wp-json\/wp\/v2\/comments?post=33515"}],"version-history":[{"count":7,"href":"https:\/\/www.valmorel.com\/nl\/wp-json\/wp\/v2\/pages\/33515\/revisions"}],"predecessor-version":[{"id":118084,"href":"https:\/\/www.valmorel.com\/nl\/wp-json\/wp\/v2\/pages\/33515\/revisions\/118084"}],"up":[{"embeddable":true,"href":"https:\/\/www.valmorel.com\/nl\/wp-json\/wp\/v2\/pages\/33507"}],"wp:featuredmedia":[{"embeddable":true,"href":"https:\/\/www.valmorel.com\/nl\/wp-json\/wp\/v2\/media\/33517"}],"wp:attachment":[{"href":"https:\/\/www.valmorel.com\/nl\/wp-json\/wp\/v2\/media?parent=33515"}],"curies":[{"name":"wp","href":"https:\/\/api.w.org\/{rel}","templated":true}]}}